{"id":3,"date":"2023-11-25T12:44:41","date_gmt":"2023-11-25T12:44:41","guid":{"rendered":"https:\/\/empiricabs.com\/?page_id=3"},"modified":"2024-01-17T14:36:56","modified_gmt":"2024-01-17T12:36:56","slug":"privacy-policy","status":"publish","type":"page","link":"https:\/\/empiricabs.com\/ro\/privacy-policy\/","title":{"rendered":"Politica de confiden\u021bialitate"},"content":{"rendered":"<h2 class=\"wp-block-heading\" id=\"h-privacy-policy\"><strong>Politica de confiden\u021bialitate<\/strong><\/h2>\n\n\n\n<p>Siguran\u021ba \u0219i confiden\u021bialitatea informa\u021biilor dumneavoastr\u0103 sunt de o importan\u021b\u0103 fundamental\u0103 pentru noi, la EMPIRICA Business Solutions, o companie de consultan\u021b\u0103 global\u0103 specializat\u0103 \u00een furnizarea de servicii de consultan\u021b\u0103 \u00een domeniul v\u00e2nz\u0103rii-cump\u0103r\u0103rii a afacerilor, fuziunilor \u0219i achizi\u021biilor, strategiilor de ie\u0219ire pentru afacerile de familie \u0219i consultan\u021b\u0103 global\u0103. Prin aceast\u0103 Politic\u0103 de Confiden\u021bialitate, ne angaj\u0103m s\u0103 v\u0103 protej\u0103m confiden\u021bialitatea \u0219i s\u0103 v\u0103 asigur\u0103m c\u0103 informa\u021biile dumneavoastr\u0103 personale sunt gestionate cu cea mai mare grij\u0103 \u0219i responsabilitate.<\/p>\n\n\n\n<p>Urm\u0103toarea informare este conceput\u0103 pentru a v\u0103 aduce la cuno\u0219tin\u021b\u0103 aspectele cu privire la prelucrarea datelor dumneavoastr\u0103 personale \u0219i la drepturile dumneavoastr\u0103 privind aceast\u0103 prelucrare \u00een conformitate cu:<\/p>\n\n\n\n<p>Legea nr. 133 din 08.07.2011 privind protec\u021bia datelor cu caracter personal, publicat la 14.10.2011 \u00een Monitorul Oficial nr. 170-175 art. 492, Modificat prin Legea Parlamentului nr. 155 din 15.07.2022, publicat la 05.08.2022 \u00een Monitorul Oficial nr. 246-250, \u00een vigoare din 05.09.2022.<\/p>\n\n\n\n<h2 class=\"wp-block-heading\" id=\"h-1-general-information\"><strong>1. INFORMA\u021aII GENERALE<\/strong><\/h2>\n\n\n\n<p>Noi, EMPIRICA Business Solutions (\u00een continuare - \u201dCompania\u201d) reprezent\u0103m operatorul \u00een conformitate cu Regulamentul general privind protec\u021bia datelor (\u00een continuare - \u201dGDPR\u201d).<\/p>\n\n\n\n<h2 class=\"wp-block-heading\" id=\"h-2-purpose-of-processing-and-categories-of-data-processed\"><strong>2. SCOPUL PRELUCR\u0102RII \u0218I CATEGORIILE DE DATE PRELUCRATE<\/strong><\/h2>\n\n\n\n<p>\u00cen acest sens, scopurile \u00een care sunt prelucrate datele cu caracter personal de c\u0103tre Companie sunt urm\u0103toarele:<\/p>\n\n\n\n<ul class=\"wp-block-list\">\n<li>prestarea serviciilor de intermediere a v\u00e2nz\u0103rii-cump\u0103r\u0103rii de afaceri;<\/li>\n\n\n\n<li>fuziuni \u0219i achizi\u021bii;<\/li>\n\n\n\n<li>strategii de ie\u0219ire pentru afaceri de familie;<\/li>\n\n\n\n<li>consultan\u021b\u0103 global\u0103.<\/li>\n<\/ul>\n\n\n\n<p>Pentru \u00eendeplinirea scopurilor viz\u00e2nd domeniul de consultan\u021b\u0103, Compania prelucreaz\u0103 date cu caracter personal \u00een cadrul urm\u0103toarelor opera\u021biuni:<\/p>\n\n\n\n<ul class=\"wp-block-list\">\n<li>\u00eentocmirea documentelor necesare contractelor de consultan\u021b\u0103 cu clien\u021bii no\u0219tri, \u00een toate etapele lor;<\/li>\n\n\n\n<li>\u00eentocmirea documentelor necesare elabor\u0103rii materialelor necesare promov\u0103rii clien\u021bilor no\u0219tri \u0219i prest\u0103rii serviciilor de consultan\u021b\u0103, \u00een toate etapele lor;<\/li>\n\n\n\n<li>transmiterea periodic\u0103 de informa\u021bii \u0219i oferte comerciale prin newsletter\/e-mail\/materiale promo\u021bionale;<\/li>\n\n\n\n<li>men\u021binerea bazelor de date interne;<\/li>\n\n\n\n<li>identificarea cu exactitate a clien\u021bilor atunci c\u00e2nd ace\u0219tia doresc realizarea unui serviciu;<\/li>\n\n\n\n<li>furnizarea de informa\u021bii cu privire la evenimentele Companiei;<\/li>\n\n\n\n<li>participarea la sondaje de opinie cu privire la ofertele \u0219i serviciile Companiei referitor la gradul de satisfac\u021bie a clien\u021bilor;<\/li>\n\n\n\n<li>solicitarea \u0219i folosirea informa\u021biilor cu privire la afacerile prezentate clien\u021bilor din diverse surse cu caracter public.<\/li>\n<\/ul>\n\n\n\n<p>\u00cen cadrul Companiei sunt prelucrate urm\u0103toarele categorii de date:<\/p>\n\n\n\n<ul class=\"wp-block-list\">\n<li>Nume, prenume, domiciliu\/re\u0219edin\u021b\u0103, serie \u0219i num\u0103r document de identitate, IDNP, cet\u0103\u021benie, data na\u0219terii, adresa de e-mail, numerele de telefon fix \u0219i\/sau mobil, num\u0103rul de fax (acolo unde este cazul), date care rezult\u0103 din actele de proprietate asupra afacerii (inclusiv istoricul \u0219i extrasele autorit\u0103\u021bilor de stat de profil);<\/li>\n\n\n\n<li>Contactul clientului cu Compania, cum ar fi \u00eenregistrarea \u00een cadrul site-ului, un e-mail sau o scrisoare transmise sau alte eviden\u021be ale unui contact cu Compania;<\/li>\n\n\n\n<li>Informa\u021bii privind contul clientului, cum ar fi numerele de cont sau alte informa\u021bii \u00een leg\u0103tur\u0103 cu contul clientului sau care sunt incluse \u00een contractul de gestionare a rela\u021biei comerciale cu fiecare client;<\/li>\n\n\n\n<li>Informa\u021bii privind legitimitatea accesului \u2013 Compania va colecta parole, indicii \u0219i informa\u021bii de securitate similare utilizate pentru autentificare \u0219i accesul la conturi \u0219i servicii (pentru conturile on-line deschise de fiecare client pe web-site-ul Companiei);<\/li>\n\n\n\n<li>Preferin\u021bele clientului pentru anumite produse \u0219i servicii atunci c\u00e2nd clien\u021bii vor anun\u021ba Compania care sunt acestea sau atunci c\u00e2nd Compania va presupune care sunt, \u00een baza modului \u00een care clien\u021bii utilizeaz\u0103 produsele \u0219i serviciile Companiei; \u00een acest fel Compania va putea transmite cu prioritate ceea ce \u00eel intereseaz\u0103 pe client;<\/li>\n\n\n\n<li>Preferin\u021bele \u00een materie de marketing;<\/li>\n\n\n\n<li>A se vedea sec\u021biunea Cookie-uri pentru detalii privind ceea ce Compania colecteaz\u0103 utiliz\u00e2nd cookie-uri;<\/li>\n\n\n\n<li>Istoricul de navigare. Dac\u0103 se ofer\u0103 permisiunea, Compania colecteaz\u0103 categoriile de site-uri web pe care oaspe\u021bii paginii web au navigat de pe telefonul mobil, dispozitivul sau PC-ul propriu, de exemplu \u0219tiri. Cu toate acestea, Compania nu va de\u021bine un istoric al site-urilor pe care oaspe\u021bii paginii web a Companiei navigheaz\u0103, acesta fiind limitat la o scurt\u0103 perioad\u0103 de timp pentru a permite efectuarea conexiunii. Compania utilizeaz\u0103 aceste informa\u021bii privind interesele pentru a trimite oferte de marketing personalizate sau pentru a ar\u0103ta reclame. Vizitatorii pot renun\u021ba la reclame conform sec\u021biunii Cookie-uri pe site-ul Companiei sau, \u00een cazul marketingului, prin intermediul dezabon\u0103rii la care se poate accede cu ocazia primului newsletter primit.<\/li>\n\n\n\n<li>Informa\u021biile pe care Compania le ob\u021bine din alte surse, cum ar fi autorit\u0103\u021bi publice sau private, agen\u021bii de prevenire a fraudelor, precum \u0219i de la al\u021bi furnizori de date. Acestea includ date demografice, date referitoare la interese, precum \u0219i comportamentul la navigare.<\/li>\n\n\n\n<li>Pentru programul de loialitate const\u00e2nd \u00een oferirea unor avantaje, reduceri, discount-uri pentru recompensarea fidelit\u0103\u021bii;<\/li>\n\n\n\n<li>R\u0103spunsurile la invita\u021bii \u0219i confirm\u0103rile de participare la evenimente.<\/li>\n<\/ul>\n\n\n\n<p>Datele personale pe care le prelucr\u0103m sunt, \u00een principal, date de identificare, tranzac\u021bionale, financiare, demografice, de localizare sau alte date personale pe care le colect\u0103m direct de la dumneavoastr\u0103 sau din alte surse atunci c\u00e2nd deveni\u021bi clientul nostru sau c\u00e2nd folosi\u021bi produsele sau serviciile noastre.<\/p>\n\n\n\n<p>Datele cu caracter personal sensibile dezv\u0103luie originea dumneavoastr\u0103 rasial\u0103 \u015fi etnic\u0103, opiniile politice, convingerile religioase \u0219i filozofice, datele genetice, datele biometrice, datele referitoare la s\u0103n\u0103tate sau datele referitoare la via\u021ba sau orientarea sexual\u0103.<\/p>\n\n\n\n<p>COMPANIA NU COLECTEAZ\u0102 DE LA DUMNEAVOASTR\u0102 \u00ceN MOD INTEN\u021aIONAT DATE CU CARACTER PERSONAL SENSIBILE PENTRU A LE STOCA.<\/p>\n\n\n\n<h2 class=\"wp-block-heading\" id=\"h-3-legal-basis-of-the-processing\"><strong>3. TEMEIUL JURIDIC AL PRELUCR\u0102RII<\/strong><\/h2>\n\n\n\n<p>Baza legal\u0103 pentru colectarea \u0219i procesarea datelor dumneavoastr\u0103 pentru fiecare din scopurile men\u021bionate mai sus este:<\/p>\n\n\n\n<ul class=\"wp-block-list\">\n<li>Contractele de prestare a serviciilor de consultan\u021b\u0103, precum \u0219i contractele cu p\u0103r\u021bi ter\u021be la care dumneavoastr\u0103 sunte\u021bi parte sau cererea dumneavoastr\u0103 \u00eenainte de \u00eencheierea unui contract.<\/li>\n\n\n\n<li>Interesele comerciale legitime ale Companiei, de exemplu, prevenirea fraudelor, men\u021binerea securit\u0103\u021bii serviciilor noastre, marketing direct \u0219i \u00eembun\u0103t\u0103\u021birea serviciilor ori de c\u00e2te ori ne baz\u0103m pe acest temei juridic pentru a prelucra datele dumneavoastr\u0103, evalu\u0103m interesele noastre comerciale pentru a ne asigura c\u0103 acestea nu prevaleaz\u0103 asupra drepturilor dumneavoastr\u0103. \u00cen plus, \u00een unele cazuri ave\u021bi dreptul de a v\u0103 opune acestei prelucr\u0103ri. Interesul legitim al Companiei pentru a ne permite exercitarea drepturilor prev\u0103zute de lege \u00een favoarea noastr\u0103, pentru a ac\u021biona \u00een justi\u021bie contra oric\u0103rei activit\u0103\u021bi ilegale sau care prejudiciaz\u0103 Compania.<\/li>\n\n\n\n<li>Conformarea cu o cerin\u021b\u0103 legal\u0103 imperativ\u0103, de exemplu, cerin\u021be contabile \u0219i fiscale, care fac obiectul unor politici interne stricte (cum ar fi perioadele de p\u0103strare), proceduri, \u0219i dreptul de a restric\u021biona utilizarea datelor proprii, care controleaz\u0103 obiectul serviciilor noastre ce vor fi prestate.<\/li>\n\n\n\n<li>\u00cen plus, \u00een m\u0103sura \u00een care a\u021bi fost de acord, aceasta reprezint\u0103 consim\u021b\u0103m\u00e2ntul dumneavoastr\u0103. Prelucrarea datelor cu caracter personal \u00een baza consim\u021b\u0103m\u00e2ntului reprezint\u0103 un scop adi\u021bional prelucr\u0103rii datelor personale \u00een vederea execut\u0103rii contractului la care sunte\u021bi parte \u0219i nu condi\u021bioneaz\u0103 furnizarea\/prestarea serviciilor.<\/li>\n\n\n\n<li>Prelucrarea este necesar\u0103 pentru \u00eendeplinirea unei sarcini care serve\u0219te unui interes public.<\/li>\n<\/ul>\n\n\n\n<p>Vom colecta datele dumneavoastr\u0103 cu caracter personal atunci c\u00e2nd, de exemplu:<\/p>\n\n\n\n<ul class=\"wp-block-list\">\n<li>Utiliza\u021bi oricare dintre serviciile noastre;<\/li>\n\n\n\n<li>V\u0103 \u00eenregistra\u021bi pentru un anumit serviciu;<\/li>\n\n\n\n<li>V\u0103 abona\u021bi la newsletter sau alte servicii oferite de noi;<\/li>\n\n\n\n<li>Ne contacta\u021bi prin diverse canale, sau ne solicita\u021bi informa\u021bii \u00een leg\u0103tur\u0103 cu un serviciu;<\/li>\n\n\n\n<li>Vizita\u021bi sau naviga\u021bi pe site-ul nostru;<\/li>\n\n\n\n<li>A\u021bi acordat permisiunea altor societ\u0103\u021bi, cum ar fi partenerii no\u0219tri comerciali sau asocia\u021bii no\u0219tri, precum \u0219i unor ter\u021bi furnizori sau contractan\u021bi ai no\u0219tri, s\u0103 fac\u0103 schimb de informa\u021bii cu noi \u00een sensul prest\u0103rii serviciilor pentru dumneavoastr\u0103;<\/li>\n\n\n\n<li>Atunci c\u00e2nd datele cu caracter personal sunt publice; sau<\/li>\n<\/ul>\n\n\n\n<p>Sunte\u021bi clientul\/beneficiarul unei activit\u0103\u021bi comerciale pe care o prest\u0103m.<\/p>\n\n\n\n<p>De asemenea, colect\u0103m informa\u021bii de la anumite organiza\u021bii, dac\u0103 este cazul \u0219i \u00een m\u0103sura \u00een care avem temeiuri legale \u00een acest sens. Acestea includ agen\u021bii de prevenire a fraudelor, anuare comerciale, agen\u021bii de verificare\/control, agen\u021bii de calculare a facturii \u0219i prestatori de servicii contractate.<\/p>\n\n\n\n<p>Utiliz\u0103m cookie-uri (fi\u0219iere text de mici dimensiuni stocate \u00een browser-ul dvs.) \u0219i alte tehnici cum ar fi web beacons (fi\u0219iere de tip imagine mici, transparente utilizate pentru a urm\u0103ri mi\u0219c\u0103rile dumneavoastr\u0103 pe site-ul nostru). Pentru detalii suplimentare \u00een acest sens \u0219i \u00een leg\u0103tur\u0103 cu modul de a opta pentru renun\u021barea la acestea, v\u0103 rug\u0103m s\u0103 consulta\u021bi sec\u021biunea Cookie-uri pe site-ul nostru.<\/p>\n\n\n\n<h2 class=\"wp-block-heading\" id=\"h-4-categories-of-recipients-to-whom-personal-data-collected-may-be-disclosed\"><strong>4. CATEGORIILE DE DESTINATARI C\u0102TRE CARE SE POT DIVULGA DATELE PERSONALE COLECTATE<\/strong><\/h2>\n\n\n\n<p>Pentru a atinge scopurile prev\u0103zute mai sus, utiliz\u0103m urm\u0103toarele categorii de furnizori de produse \u0219i servicii\/ \u00eemputernici\u021bi:<\/p>\n\n\n\n<ul class=\"wp-block-list\">\n<li>furnizorii (proprietarii de imobile) implica\u021bi \u00een mod direct\/indirect \u00een prestarea serviciilor din domeniul imobiliar;<\/li>\n\n\n\n<li>autorit\u0103\u021bile statului (inclusiv autorit\u0103\u021bi fiscale);<\/li>\n\n\n\n<li>contabili, auditori, exper\u021bi judiciari, avoca\u021bi sau al\u021bi asemenea consilieri externi ai Companiei sau c\u0103tre ter\u021be persoane care furnizeaz\u0103 produse \u0219i servicii Companiei (furnizorii de servicii de paza, de sisteme IT, consultan\u021bi financiari);<\/li>\n\n\n\n<li>furnizorii Companiei implica\u021bi \u00een mod direct\/indirect \u00een procesul de marketing \u0219i promovare.<\/li>\n<\/ul>\n\n\n\n<h2 class=\"wp-block-heading\" id=\"h-5-storage-period\"><strong>5. DURATA P\u0102STR\u0102RII<\/strong><\/h2>\n\n\n\n<p>Datele dumneavoastr\u0103 personale vor fi p\u0103strate de Companie pentru o perioad\u0103 care nu dep\u0103\u0219e\u0219te perioada necesar\u0103 pentru a atinge scopurile descrise mai sus \u0219i\/sau pentru orice alt\u0103 durat\u0103 necesar\u0103 \u00een virtutea obliga\u021biilor legale aplicabile Companiei, folosind urm\u0103toarele criterii de stabilire a acestei perioade:<\/p>\n\n\n\n<ul class=\"wp-block-list\">\n<li>Atunci c\u00e2nd achizi\u021biona\u021bi drepturi de proprietate prin intermediul Companiei, p\u0103str\u0103m datele dumneavoastr\u0103 personale pe durata rela\u021biei noastre contractuale;<\/li>\n\n\n\n<li>\u00cen cazul \u00een care participa\u021bi la o ofert\u0103 promo\u021bional\u0103, p\u0103str\u0103m datele dumneavoastr\u0103 personale pe durata ofertei promo\u021bionale;<\/li>\n\n\n\n<li>\u00cen cazul \u00een care ne contacta\u021bi pentru prestarea unui serviciu, p\u0103str\u0103m datele dumneavoastr\u0103 personale pe durata necesar\u0103 proces\u0103rii \u00eentreb\u0103rilor dumneavoastr\u0103, dar nu mai mult de 10 (zece) ani de la ultima coresponden\u021b\u0103 trimis\u0103, pentru respectarea prevederilor de fiscalitate;<\/li>\n\n\n\n<li>\u00cen cazul \u00een care v-a\u021bi \u00eenscris pe site-ul nostru, p\u0103str\u0103m datele dumneavoastr\u0103 personale p\u00e2n\u0103 c\u00e2nd solicita\u021bi s\u0103 le \u0219tergem sau dup\u0103 o perioad\u0103 de inactivitate (f\u0103r\u0103 o interac\u021biune activ\u0103 cu noi). \u00cen acest sens, men\u021bion\u0103m c\u0103 datele prelucrate pentru acest scop vor fi \u0219terse la 5 (cinci) ani dup\u0103 ultima interac\u021biune;<\/li>\n\n\n\n<li>\u00cen cazul \u00een care v-a\u021bi oferit consim\u021b\u0103m\u00e2ntul pentru marketing, p\u0103str\u0103m datele dumneavoastr\u0103 personale p\u00e2n\u0103 c\u00e2nd v\u0103 dezabona\u021bi sau solicita\u021bi s\u0103 le \u0219tergem sau dup\u0103 o perioad\u0103 de inactivitate (f\u0103r\u0103 o interac\u021biune activ\u0103 cu m\u0103rcile noastre) definite \u00een conformitate cu reglement\u0103rile \u0219i \u00eendrum\u0103rile \u00cen acest sens, men\u021bion\u0103m c\u0103 datele stocate \u00een bazele noastre de date pentru scopul comunic\u0103rilor de marketing direct sunt \u0219terse din eviden\u021bele acestor baze de date la 10 (zece) ani de ultima interac\u021biune cu dumneavoastr\u0103;<\/li>\n\n\n\n<li>\u00cen cazul \u00een care modulele cookie sunt stocate pe computer, le p\u0103str\u0103m at\u00e2ta timp c\u00e2t este necesar pentru ca acestea s\u0103 \u00ee\u0219i ating\u0103 scopurile (de exemplu, pe durata unei sesiuni pentru cookie-urile de co\u0219 de cump\u0103r\u0103turi sau cookie-urile pentru ID-uri de sesiune) \u0219i pentru o perioad\u0103 definit\u0103 \u00een conformitate cu reglement\u0103rile \u0219i \u00eendrum\u0103rile \u00cen acest sens, men\u021bion\u0103m c\u0103 datele prelucrate prin modulele cookies folosite pentru a furniza publicitate comportamental\u0103 online, pentru a ne personaliza serviciile pentru dumneavoastr\u0103 \u0219i pentru a permite distribuirea con\u021binutului nostru pe site-uri de socializare (butoane de distribuire destinate afi\u0219\u0103rii site-ului), vor fi p\u0103strate pentru o perioad\u0103 de maxim 10 (zece) ani de la colectarea acestora, \u00een baza consim\u021b\u0103m\u00e2ntului dumneavoastr\u0103.<\/li>\n<\/ul>\n\n\n\n<h2 class=\"wp-block-heading\" id=\"h-6-your-rights\"><strong>6. DREPTURILE DUMNEAVOASTR\u0102<\/strong><\/h2>\n\n\n\n<p>Regulamentul confer\u0103 persoanelor c\u0103rora li se prelucreaz\u0103 date personale o serie de drepturi. Astfel, pe l\u00e2ng\u0103 drepturile existente \u00een prezent, reg\u0103sim \u0219i dreptul la portabilitatea datelor \u0219i pe cel de \u0219tergere a datelor. Pe scurt, drepturile pe care le ave\u021bi:<\/p>\n\n\n\n<ul class=\"wp-block-list\">\n<li>Dreptul de a retrage oric\u00e2nd un consim\u021b\u0103m\u00e2nt dat \u00een vederea opririi unei prelucr\u0103ri a datelor care se bazeaz\u0103 pe consim\u021b\u0103m\u00e2ntul dumneavoastr\u0103. Retragerea nu va afecta legalitatea prelucr\u0103rii pe baza consim\u021b\u0103m\u00e2ntului acordat \u00eenainte de retragere, pentru executarea unui contract, \u00een vederea \u00eendeplinirii unei obliga\u021bii legale sau \u00een scopul urm\u0103ririi intereselor noastre legitime.<\/li>\n\n\n\n<li>Dreptul de acces \u2013 \u00eenseamn\u0103 c\u0103 ave\u021bi dreptul de a ob\u021bine o confirmare din partea noastr\u0103 c\u0103 prelucr\u0103m sau nu datele cu caracter personal care v\u0103 privesc \u0219i, \u00een caz afirmativ, ave\u021bi acces la datele respective \u0219i la informa\u021biile privind modalitatea \u00een care sunt prelucrate aceste date.<\/li>\n\n\n\n<li>Dreptul la portabilitatea datelor \u2013 se refer\u0103 la dreptul de a primi datele personale \u00eentr-un format structurat, utilizat \u00een mod curent de c\u0103tre noi \u0219i care poate fi citit automat, dar \u0219i la dreptul ca aceste date s\u0103 fie transmise direct altui operator, dac\u0103 acest lucru este fezabil din punct de vedere tehnic.<\/li>\n\n\n\n<li>Dreptul la opozi\u021bie \u2013 vizeaz\u0103 dreptul dumneavoastr\u0103 de a v\u0103 opune prelucr\u0103rii datelor personale atunci c\u00e2nd prelucrarea este necesar\u0103 pentru \u00eendeplinirea unei sarcini care serve\u0219te unui interes public sau c\u00e2nd are \u00een vedere un interes legitim al operatorului. Atunci c\u00e2nd prelucrarea datelor cu caracter personal are drept scop marketingul direct sau prelucr\u0103ri efectuate \u00een baza consim\u021b\u0103m\u00e2ntului expres, ave\u021bi dreptul de a v\u0103 opune prelucr\u0103rii \u00een orice moment.<\/li>\n\n\n\n<li>Dreptul la rectificare \u2013 se refer\u0103 la corectarea, f\u0103r\u0103 \u00eent\u00e2rzieri nejustificate, a datelor cu caracter personal inexacte. Rectificarea va fi comunicat\u0103 fiec\u0103rui destinatar la care au fost transmise datele, cu excep\u021bia cazului \u00een care acest lucru se dovede\u0219te imposibil sau presupune eforturi dispropor\u021bionate.<\/li>\n\n\n\n<li>Dreptul la \u0219tergerea datelor (\u201edreptul de a fi uitat\u201d) \u2013 \u00eenseamn\u0103 c\u0103 ave\u021bi dreptul de a solicita \u0219tergerea datelor cu caracter personal, f\u0103r\u0103 \u00eent\u00e2rzieri nejustificate, \u00een cazul \u00een care se aplic\u0103 unul dintre urm\u0103toarele motive: acestea nu mai sunt necesare pentru \u00eendeplinirea scopurilor pentru care au fost colectate sau prelucrate; v\u0103 retrage\u021bi consim\u021b\u0103m\u00e2ntul \u0219i nu exist\u0103 niciun alt temei juridic pentru prelucrare; v\u0103 opune\u021bi prelucr\u0103rii \u0219i nu exist\u0103 alte motive legitime care s\u0103 prevaleze; datele cu caracter personal au fost prelucrate ilegal; datele cu caracter personal trebuie \u0219terse pentru respectarea unei obliga\u021bii legale; datele cu caracter personal au fost colectate \u00een leg\u0103tur\u0103 cu oferirea de servicii ale societ\u0103\u021bii informa\u021bionale.<\/li>\n\n\n\n<li>Dreptul la restric\u021bionarea prelucr\u0103rii \u2013 poate fi exercitat \u00een cazul \u00een care persoana contest\u0103 exactitatea datelor, pe o perioad\u0103 necesar\u0103 verific\u0103rii corectitudinii datelor; prelucrarea este ilegal\u0103, iar dumneavoastr\u0103 v\u0103 opune\u021bi \u0219tergerii datelor cu caracter personal, solicit\u00e2nd \u00een schimb restric\u021bionarea; \u00een cazul \u00een care Compania nu mai are nevoie de datele cu caracter personal \u00een scopul prelucr\u0103rii, dar persoana i le solicit\u0103 pentru constatarea, exercitarea sau ap\u0103rarea unui drept \u00een instan\u021b\u0103; \u00een cazul \u00een care persoana s-a opus prelucr\u0103rii pentru intervalul de timp \u00een care se verific\u0103 dac\u0103 drepturile legitime ale operatorului prevaleaz\u0103 asupra celor ale persoanei respective.<\/li>\n\n\n\n<li>Pentru exercitarea acestor drepturi, precum \u0219i pentru orice \u00eentreb\u0103ri suplimentare cu privire la aceasta informare sau \u00een leg\u0103tur\u0103 cu utilizarea de c\u0103tre Companie a datelor personale, v\u0103 rug\u0103m s\u0103 contacta\u021bi ofi\u021berul nostru pentru protec\u021bia datelor, aleg\u00e2nd oricare din modalit\u0103\u021bile de comunicare descrise mai jos.<\/li>\n<\/ul>\n\n\n\n<p>Ne pute\u021bi contacta: \u2026info@empiricabs.com<a href=\"mailto:info@empiricabs.com\">info@empiricabs.com<\/a><\/p>\n\n\n\n<p>Prin utilizarea serviciilor noastre, sunte\u021bi de acord cu prevederile acestei Politici de Confiden\u021bialitate. Dac\u0103 ave\u021bi \u00eentreb\u0103ri sau preocup\u0103ri cu privire la gestionarea informa\u021biilor dumneavoastr\u0103 personale, v\u0103 rug\u0103m s\u0103 ne contacta\u021bi la adresa \u2026@empiricabs.com.<\/p>\n\n\n\n<p>Mul\u021bumim pentru \u00eencrederea acordat\u0103 EMPIRICA Business Consulting \u00een gestionarea informa\u021biilor dumneavoastr\u0103 personale.<\/p>","protected":false},"excerpt":{"rendered":"<p>Privacy Policy The security and privacy of your information is of paramount importance to us at EMPIRICA Business Solutions, a global consulting company specializing in providing advisory services in the areas of business sale-purchase, mergers and acquisitions, exit strategies for family businesses and global consulting. Through this Privacy Policy, we are committed to protecting your [&hellip;]<\/p>\n","protected":false},"author":1,"featured_media":0,"parent":0,"menu_order":0,"comment_status":"closed","ping_status":"closed","template":"","meta":{"inline_featured_image":false,"footnotes":""},"class_list":["post-3","page","type-page","status-publish","hentry"],"acf":[],"yoast_head":"<!-- This site is optimized with the Yoast SEO Premium plugin v20.6 (Yoast SEO v20.11) - https:\/\/yoast.com\/wordpress\/plugins\/seo\/ -->\n<title>Privacy Policy - Empirica bs<\/title>\n<meta name=\"robots\" content=\"index, follow, max-snippet:-1, max-image-preview:large, max-video-preview:-1\" \/>\n<link rel=\"canonical\" href=\"https:\/\/empiricabs.com\/ro\/privacy-policy\/\" \/>\n<meta property=\"og:locale\" content=\"ro_RO\" \/>\n<meta property=\"og:type\" content=\"article\" \/>\n<meta property=\"og:title\" content=\"Privacy Policy\" \/>\n<meta property=\"og:description\" content=\"Privacy Policy The security and privacy of your information is of paramount importance to us at EMPIRICA Business Solutions, a global consulting company specializing in providing advisory services in the areas of business sale-purchase, mergers and acquisitions, exit strategies for family businesses and global consulting. Through this Privacy Policy, we are committed to protecting your [&hellip;]\" \/>\n<meta property=\"og:url\" content=\"https:\/\/empiricabs.com\/ro\/privacy-policy\/\" \/>\n<meta property=\"og:site_name\" content=\"Empirica bs\" \/>\n<meta property=\"article:modified_time\" content=\"2024-01-17T12:36:56+00:00\" \/>\n<meta name=\"twitter:card\" content=\"summary_large_image\" \/>\n<meta name=\"twitter:label1\" content=\"Timp estimat pentru citire\" \/>\n\t<meta name=\"twitter:data1\" content=\"10 minute\" \/>\n<script type=\"application\/ld+json\" class=\"yoast-schema-graph\">{\"@context\":\"https:\/\/schema.org\",\"@graph\":[{\"@type\":\"WebPage\",\"@id\":\"https:\/\/empiricabs.com\/privacy-policy\/\",\"url\":\"https:\/\/empiricabs.com\/privacy-policy\/\",\"name\":\"Privacy Policy - Empirica bs\",\"isPartOf\":{\"@id\":\"https:\/\/empiricabs.com\/#website\"},\"datePublished\":\"2023-11-25T12:44:41+00:00\",\"dateModified\":\"2024-01-17T12:36:56+00:00\",\"breadcrumb\":{\"@id\":\"https:\/\/empiricabs.com\/privacy-policy\/#breadcrumb\"},\"inLanguage\":\"ro-RO\",\"potentialAction\":[{\"@type\":\"ReadAction\",\"target\":[\"https:\/\/empiricabs.com\/privacy-policy\/\"]}]},{\"@type\":\"BreadcrumbList\",\"@id\":\"https:\/\/empiricabs.com\/privacy-policy\/#breadcrumb\",\"itemListElement\":[{\"@type\":\"ListItem\",\"position\":1,\"name\":\"Home\",\"item\":\"https:\/\/empiricabs.com\/\"},{\"@type\":\"ListItem\",\"position\":2,\"name\":\"Privacy Policy\"}]},{\"@type\":\"WebSite\",\"@id\":\"https:\/\/empiricabs.com\/#website\",\"url\":\"https:\/\/empiricabs.com\/\",\"name\":\"Empirica bs\",\"description\":\"\",\"publisher\":{\"@id\":\"https:\/\/empiricabs.com\/#organization\"},\"potentialAction\":[{\"@type\":\"SearchAction\",\"target\":{\"@type\":\"EntryPoint\",\"urlTemplate\":\"https:\/\/empiricabs.com\/?s={search_term_string}\"},\"query-input\":\"required name=search_term_string\"}],\"inLanguage\":\"ro-RO\"},{\"@type\":[\"Organization\",\"Place\"],\"@id\":\"https:\/\/empiricabs.com\/#organization\",\"name\":\"Empiricabs\",\"url\":\"https:\/\/empiricabs.com\/\",\"logo\":{\"@id\":\"https:\/\/empiricabs.com\/privacy-policy\/#local-main-organization-logo\"},\"image\":{\"@id\":\"https:\/\/empiricabs.com\/privacy-policy\/#local-main-organization-logo\"},\"openingHoursSpecification\":[{\"@type\":\"OpeningHoursSpecification\",\"dayOfWeek\":[\"Monday\",\"Tuesday\",\"Wednesday\",\"Thursday\",\"Friday\",\"Saturday\",\"Sunday\"],\"opens\":\"09:00\",\"closes\":\"17:00\"}]},{\"@type\":\"ImageObject\",\"inLanguage\":\"ro-RO\",\"@id\":\"https:\/\/empiricabs.com\/privacy-policy\/#local-main-organization-logo\",\"url\":\"https:\/\/empiricabs.com\/wp-content\/uploads\/2023\/11\/logo1-1.png\",\"contentUrl\":\"https:\/\/empiricabs.com\/wp-content\/uploads\/2023\/11\/logo1-1.png\",\"width\":70,\"height\":70,\"caption\":\"Empiricabs\"}]}<\/script>\n<!-- \/ Yoast SEO Premium plugin. -->","yoast_head_json":{"title":"Privacy Policy - Empirica bs","robots":{"index":"index","follow":"follow","max-snippet":"max-snippet:-1","max-image-preview":"max-image-preview:large","max-video-preview":"max-video-preview:-1"},"canonical":"https:\/\/empiricabs.com\/ro\/privacy-policy\/","og_locale":"ro_RO","og_type":"article","og_title":"Privacy Policy","og_description":"Privacy Policy The security and privacy of your information is of paramount importance to us at EMPIRICA Business Solutions, a global consulting company specializing in providing advisory services in the areas of business sale-purchase, mergers and acquisitions, exit strategies for family businesses and global consulting. Through this Privacy Policy, we are committed to protecting your [&hellip;]","og_url":"https:\/\/empiricabs.com\/ro\/privacy-policy\/","og_site_name":"Empirica bs","article_modified_time":"2024-01-17T12:36:56+00:00","twitter_card":"summary_large_image","twitter_misc":{"Timp estimat pentru citire":"10 minute"},"schema":{"@context":"https:\/\/schema.org","@graph":[{"@type":"WebPage","@id":"https:\/\/empiricabs.com\/privacy-policy\/","url":"https:\/\/empiricabs.com\/privacy-policy\/","name":"Privacy Policy - Empirica bs","isPartOf":{"@id":"https:\/\/empiricabs.com\/#website"},"datePublished":"2023-11-25T12:44:41+00:00","dateModified":"2024-01-17T12:36:56+00:00","breadcrumb":{"@id":"https:\/\/empiricabs.com\/privacy-policy\/#breadcrumb"},"inLanguage":"ro-RO","potentialAction":[{"@type":"ReadAction","target":["https:\/\/empiricabs.com\/privacy-policy\/"]}]},{"@type":"BreadcrumbList","@id":"https:\/\/empiricabs.com\/privacy-policy\/#breadcrumb","itemListElement":[{"@type":"ListItem","position":1,"name":"Home","item":"https:\/\/empiricabs.com\/"},{"@type":"ListItem","position":2,"name":"Privacy Policy"}]},{"@type":"WebSite","@id":"https:\/\/empiricabs.com\/#website","url":"https:\/\/empiricabs.com\/","name":"Empirica bs","description":"","publisher":{"@id":"https:\/\/empiricabs.com\/#organization"},"potentialAction":[{"@type":"SearchAction","target":{"@type":"EntryPoint","urlTemplate":"https:\/\/empiricabs.com\/?s={search_term_string}"},"query-input":"required name=search_term_string"}],"inLanguage":"ro-RO"},{"@type":["Organization","Place"],"@id":"https:\/\/empiricabs.com\/#organization","name":"Empiricabs","url":"https:\/\/empiricabs.com\/","logo":{"@id":"https:\/\/empiricabs.com\/privacy-policy\/#local-main-organization-logo"},"image":{"@id":"https:\/\/empiricabs.com\/privacy-policy\/#local-main-organization-logo"},"openingHoursSpecification":[{"@type":"OpeningHoursSpecification","dayOfWeek":["Monday","Tuesday","Wednesday","Thursday","Friday","Saturday","Sunday"],"opens":"09:00","closes":"17:00"}]},{"@type":"ImageObject","inLanguage":"ro-RO","@id":"https:\/\/empiricabs.com\/privacy-policy\/#local-main-organization-logo","url":"https:\/\/empiricabs.com\/wp-content\/uploads\/2023\/11\/logo1-1.png","contentUrl":"https:\/\/empiricabs.com\/wp-content\/uploads\/2023\/11\/logo1-1.png","width":70,"height":70,"caption":"Empiricabs"}]}},"_links":{"self":[{"href":"https:\/\/empiricabs.com\/ro\/wp-json\/wp\/v2\/pages\/3","targetHints":{"allow":["GET"]}}],"collection":[{"href":"https:\/\/empiricabs.com\/ro\/wp-json\/wp\/v2\/pages"}],"about":[{"href":"https:\/\/empiricabs.com\/ro\/wp-json\/wp\/v2\/types\/page"}],"author":[{"embeddable":true,"href":"https:\/\/empiricabs.com\/ro\/wp-json\/wp\/v2\/users\/1"}],"replies":[{"embeddable":true,"href":"https:\/\/empiricabs.com\/ro\/wp-json\/wp\/v2\/comments?post=3"}],"version-history":[{"count":0,"href":"https:\/\/empiricabs.com\/ro\/wp-json\/wp\/v2\/pages\/3\/revisions"}],"wp:attachment":[{"href":"https:\/\/empiricabs.com\/ro\/wp-json\/wp\/v2\/media?parent=3"}],"curies":[{"name":"wp","href":"https:\/\/api.w.org\/{rel}","templated":true}]}}