{"id":3,"date":"2023-11-25T12:44:41","date_gmt":"2023-11-25T12:44:41","guid":{"rendered":"https:\/\/empiricabs.com\/?page_id=3"},"modified":"2024-01-17T14:36:56","modified_gmt":"2024-01-17T12:36:56","slug":"privacy-policy","status":"publish","type":"page","link":"https:\/\/empiricabs.com\/fr\/privacy-policy\/","title":{"rendered":"Politique de Confidentialit\u00e9"},"content":{"rendered":"<h2 class=\"wp-block-heading\" id=\"h-privacy-policy\"><strong>Politique de Confidentialit\u00e9<\/strong><\/h2>\n\n\n\n<p>La s\u00e9curit\u00e9 et la confidentialit\u00e9 de vos informations sont d\u2019une importance essentielle pour nous chez EMPIRICA Business Solutions, une soci\u00e9t\u00e9 de conseil global sp\u00e9cialis\u00e9e dans la fourniture de services de conseil en mati\u00e8re d\u2019achat-vente d\u2019entreprises, de fusions et d\u2019acquisitions, de strat\u00e9gies de sortie pour les entreprises familiales et de conseil global. Par le biais de cette Politique de Confidentialit\u00e9, nous nous engageons \u00e0 prot\u00e9ger votre confidentialit\u00e9 et \u00e0 vous assurer que vos renseignements personnels sont trait\u00e9s avec le plus grand soin et responsabilit\u00e9.<\/p>\n\n\n\n<p>L\u2019information suivante a pour objectif de vous informer sur le traitement de vos donn\u00e9es personnelles et sur vos droits concernant ce traitement conform\u00e9ment \u00e0 la :<\/p>\n\n\n\n<p>Loi n\u00b0 133 du 08.07.2011 sur la protection des donn\u00e9es personnelles, publi\u00e9e le 14.10.2011 au Journal Officiel n\u00b0 170-175 art. 492, Modifi\u00e9e par la Loi du Parlement n\u00b0155 du 15.07.2022, publi\u00e9e le 05.08.2022 au Journal Officiel n\u00b0 246-250, en vigueur du 05.09.2022.<\/p>\n\n\n\n<h2 class=\"wp-block-heading\" id=\"h-1-general-information\"><strong>1. INFORMATIONS G\u00c9N\u00c9RALES<\/strong><\/h2>\n\n\n\n<p>Nous, EMPIRICA Business Solutions (ci-apr\u00e8s d\u00e9nomm\u00e9e - \u00abSoci\u00e9t\u00e9\u00bb) repr\u00e9sentons l\u2019op\u00e9rateur en vertu du R\u00e8glement G\u00e9n\u00e9ral sur la Protection des Donn\u00e9es (ci-apr\u00e8s d\u00e9nomm\u00e9- \u00abRGPD\u00bb).<\/p>\n\n\n\n<h2 class=\"wp-block-heading\" id=\"h-2-purpose-of-processing-and-categories-of-data-processed\"><strong>2. OBJET DU TRAITEMENT ET CAT\u00c9GORIES DE DONN\u00c9ES TRAIT\u00c9ES<\/strong><\/h2>\n\n\n\n<p>A cet \u00e9gard, les objectifs pour lesquels les donn\u00e9es personnelles sont trait\u00e9es par la Soci\u00e9t\u00e9 sont comme suit :<\/p>\n\n\n\n<ul class=\"wp-block-list\">\n<li>fourniture de services de courtage en mati\u00e8re de vente et d\u2019achat d\u2019entreprises ;<\/li>\n\n\n\n<li>fusions et acquisitions ;<\/li>\n\n\n\n<li>strat\u00e9gies de sortie pour les entreprises familiales ;<\/li>\n\n\n\n<li>conseil global.<\/li>\n<\/ul>\n\n\n\n<p>Afin de r\u00e9aliser les objectifs li\u00e9s au domaine de conseil, la Soci\u00e9t\u00e9 traite les donn\u00e9es personnelles dans le cadre des op\u00e9rations suivantes :<\/p>\n\n\n\n<ul class=\"wp-block-list\">\n<li>pr\u00e9paration des documents n\u00e9cessaires pour les contrats de conseil avec nos clients, \u00e0 toutes leurs \u00e9tapes\u00a0;<\/li>\n\n\n\n<li>pr\u00e9paration des documents n\u00e9cessaires pour l\u2019\u00e9laboration du mat\u00e9riel n\u00e9cessaire \u00e0 la promotion de nos clients et \u00e0 la fourniture de services de conseil, \u00e0 toutes leurs \u00e9tapes\u00a0;<\/li>\n\n\n\n<li>transmission r\u00e9guli\u00e8re d\u2019informations et d\u2019offres commerciales via lettres d\u2019information\/courriel\/mat\u00e9riel promotionnel\u00a0;<\/li>\n\n\n\n<li>maintien des bases de donn\u00e9es internes\u00a0;<\/li>\n\n\n\n<li>identification exacte des clients lorsqu\u2019ils souhaitent un service\u00a0;<\/li>\n\n\n\n<li>fourniture des informations concernant les \u00e9v\u00e9nements de la Soci\u00e9t\u00e9\u00a0;<\/li>\n\n\n\n<li>participation \u00e0 des sondages d\u2019opinion sur les offres et les services de la Soci\u00e9t\u00e9 concernant le degr\u00e9 de satisfaction des clients\u00a0;<\/li>\n\n\n\n<li>demande et utilisation des informations sur les entreprises pr\u00e9sent\u00e9es aux clients de diverses sources publiques.<\/li>\n<\/ul>\n\n\n\n<p>Au sein de la Soci\u00e9t\u00e9 les cat\u00e9gories suivantes de donn\u00e9es sont trait\u00e9es:<\/p>\n\n\n\n<ul class=\"wp-block-list\">\n<li>Nom, pr\u00e9nom, domicile\/r\u00e9sidence, s\u00e9rie et num\u00e9ro du document d\u2019identit\u00e9, IDNP, citoyennet\u00e9, date de naissance, adresse courriel, num\u00e9ros de t\u00e9l\u00e9phone fixe et\/ou portable, num\u00e9ro de fax (le cas \u00e9ch\u00e9ant), donn\u00e9es r\u00e9sultant des actes de propri\u00e9t\u00e9 de l\u2019entreprise ( y compris l\u2019histoire et les extraits des autorit\u00e9s comp\u00e9tentes d\u2019\u00c9tat) ;<\/li>\n\n\n\n<li>Le contact du client avec la Soci\u00e9t\u00e9, tel que l\u2019enregistrement sur le site, un e-mail ou une lettre envoy\u00e9e ou d\u2019autres enregistrements d\u2019un contact avec la Soci\u00e9t\u00e9\u00a0;<\/li>\n\n\n\n<li>Informations sur le compte client, telles que les num\u00e9ros de compte ou autres informations li\u00e9es au compte client ou incluses dans le contrat de gestion de la relation commerciale avec chaque client\u00a0;<\/li>\n\n\n\n<li>Informations sur la l\u00e9gitimit\u00e9 de l\u2019acc\u00e8s \u2013 La Soci\u00e9t\u00e9 collectera les mots de passe, les indices et les informations de s\u00e9curit\u00e9 similaires utilis\u00e9es pour l\u2019authentification et l\u2019acc\u00e8s aux comptes et aux services (pour les comptes en ligne ouverts par chaque client sur le site Web de la Soci\u00e9t\u00e9)\u00a0;<\/li>\n\n\n\n<li>Les pr\u00e9f\u00e9rences des clients pour certains produits et services lorsque les clients informent la Soci\u00e9t\u00e9 qu\u2019elles sont celles-ci ou lorsque la Soci\u00e9t\u00e9 suppose qu\u2019elles sont ces pr\u00e9f\u00e9rences en fonction de la fa\u00e7on dont les clients utilisent les produits et les services de la Soci\u00e9t\u00e9; la Soci\u00e9t\u00e9 pourra ainsi transmettre par priorit\u00e9 ce qui int\u00e9resse le client ;<\/li>\n\n\n\n<li>Pr\u00e9f\u00e9rences en mati\u00e8re de marketing ;<\/li>\n\n\n\n<li>Consultez la section Cookies pour plus de d\u00e9tails sur ce que la Soci\u00e9t\u00e9 collecte \u00e0 l\u2019aide de cookies\u00a0;<\/li>\n\n\n\n<li>Historique de navigation. Si l\u2019autorisation est donn\u00e9e, la Soci\u00e9t\u00e9 collecte les cat\u00e9gories de sites Web consult\u00e9s par les visiteurs des pages Web \u00e0 partir de leur propre t\u00e9l\u00e9phone portable, appareil ou PC, par exemple les actualit\u00e9s. N\u00e9anmoins, la Soci\u00e9t\u00e9 ne conservera pas l\u2019historique des sites Web consult\u00e9s par les visiteurs de la page Web de la Soci\u00e9t\u00e9, qui est limit\u00e9 \u00e0 une courte p\u00e9riode de temps pour permettre l\u2019\u00e9tablissement de la connexion. La Soci\u00e9t\u00e9 utilise ces informations concernant les int\u00e9r\u00eats d\u2019envoyer des offres de marketing personnalis\u00e9es ou d\u2019afficher des publicit\u00e9s. Les visiteurs peuvent se d\u00e9sabonner des publicit\u00e9s dans la section Cookies du site Web de la Soci\u00e9t\u00e9 ou, en cas de marketing, via le d\u00e9sabonnement qui est possible dans la premi\u00e8re lettre d\u2019information re\u00e7ue.<\/li>\n\n\n\n<li>Les informations que la Soci\u00e9t\u00e9 obtient d\u2019autres sources, telles que des autorit\u00e9s publiques ou priv\u00e9es, des agences de pr\u00e9vention des fraudes, ainsi que d\u2019autres fournisseurs de donn\u00e9es comprennent des donn\u00e9es d\u00e9mographiques, des donn\u00e9es sur les int\u00e9r\u00eats et sur le comportement de navigation.<\/li>\n\n\n\n<li>Pour le programme de fid\u00e9lit\u00e9 qui consiste dans l\u2019offre des avantages, des remises, des rabais pour r\u00e9compenser la fid\u00e9lit\u00e9 ;<\/li>\n\n\n\n<li>R\u00e9ponses aux invitations et confirmations de participation \u00e0 des \u00e9v\u00e9nements.<\/li>\n<\/ul>\n\n\n\n<p>Les donn\u00e9es personnelles que nous traitons sont principalement des donn\u00e9es d\u2019identification, transactionnelles, financi\u00e8res, d\u00e9mographiques, de localisation ou d\u2019autres donn\u00e9es personnelles que nous collectons directement de vous ou d\u2019autres sources lorsque vous devenez notre client ou lorsque vous utilisez nos produits ou services.<\/p>\n\n\n\n<p>Les donn\u00e9es personnelles sensibles divulguent votre origine raciale et ethnique, vos opinions politiques, vos croyances religieuses et philosophiques, vos donn\u00e9es g\u00e9n\u00e9tiques, vos donn\u00e9es biom\u00e9triques, vos donn\u00e9es de sant\u00e9, ou vos donn\u00e9es de vie ou votre orientation sexuelle.<\/p>\n\n\n\n<p>LA SOCI\u00c9T\u00c9 NE COLLECTE PAS DE VOUS INTENTIONNELLEMENT DE DONN\u00c9ES PERSONNELLES SENSIBLES POUR LES STOCKER.<\/p>\n\n\n\n<h2 class=\"wp-block-heading\" id=\"h-3-legal-basis-of-the-processing\"><strong>3. BASE JURIDIQUE DU TRAITEMENT<\/strong><\/h2>\n\n\n\n<p>La base juridique de la collecte et du traitement de vos donn\u00e9es pour chacune des finalit\u00e9s susmentionn\u00e9es est :<\/p>\n\n\n\n<ul class=\"wp-block-list\">\n<li>Contrats de fourniture de services de conseil, ainsi que les contrats avec des tiers auxquels vous \u00eates partie ou votre demande avant la conclusion d\u2019un contrat.<\/li>\n\n\n\n<li>Les int\u00e9r\u00eats commerciaux l\u00e9gitimes de la Soci\u00e9t\u00e9 sont, par exemple la pr\u00e9vention des fraudes, le maintien de la s\u00e9curit\u00e9 de nos services, le marketing direct et l\u2019am\u00e9lioration des services. Chaque fois que nous nous appuyons sur cette base juridique pour traiter vos donn\u00e9es, nous \u00e9valuons nos int\u00e9r\u00eats commerciaux pour nous assurer qu\u2019ils ne pr\u00e9valent pas sur vos droits. En outre, dans certains cas, vous avez le droit de vous opposer \u00e0 ce traitement. L\u2019int\u00e9r\u00eat l\u00e9gitime de la Soci\u00e9t\u00e9 pour nous permettre d\u2019exercer nos droits l\u00e9gaux en notre faveur, d\u2019intenter une action en justice contre toute activit\u00e9 ill\u00e9gale ou portant pr\u00e9judice \u00e0 la Soci\u00e9t\u00e9.<\/li>\n\n\n\n<li>La conformit\u00e9 avec une exigence l\u00e9gale imp\u00e9rative, par exemple, avec les exigences comptables et fiscales, qui font l\u2019objet des politiques internes strictes (telles que les p\u00e9riodes de conservation), des proc\u00e9dures et du droit de restreindre l\u2019utilisation de vos donn\u00e9es, qui contr\u00f4lent l\u2019\u00e9tendue de nos services qui seront fournis.<\/li>\n\n\n\n<li>En outre, dans la mesure o\u00f9 vous avez donn\u00e9 votre accord, cela constitue votre consentement. Le traitement des donn\u00e9es personnelles sur la base du consentement repr\u00e9sente une finalit\u00e9 suppl\u00e9mentaire au traitement des donn\u00e9es personnelles pour l\u2019ex\u00e9cution du contrat auquel vous \u00eates partie et ne conditionne pas la fourniture\/l\u2019ex\u00e9cution des services.<\/li>\n\n\n\n<li>Le traitement est n\u00e9cessaire pour l\u2019ex\u00e9cution d\u2019une mission d\u2019int\u00e9r\u00eat public.<\/li>\n<\/ul>\n\n\n\n<p>Nous collecterons vos donn\u00e9es personnelles lorsque, par exemple\u00a0:<\/p>\n\n\n\n<ul class=\"wp-block-list\">\n<li>Vous utilisez l\u2019un de nos services\u00a0;<\/li>\n\n\n\n<li>Vous vous inscrivez \u00e0 un service sp\u00e9cifique\u00a0;<\/li>\n\n\n\n<li>Vous vous inscrivez \u00e0 nos lettres d\u2019information ou \u00e0 d\u2019autres services propos\u00e9s par nous ;<\/li>\n\n\n\n<li>Vous nous contactez par le biais de diff\u00e9rents canaux, ou demandez des renseignements sur un service\u00a0;<\/li>\n\n\n\n<li>Vous visitez ou naviguez sur notre site Web\u00a0;<\/li>\n\n\n\n<li>Vous avez autoris\u00e9 d\u2019autres soci\u00e9t\u00e9s, telles que nos partenaires commerciaux ou associ\u00e9s, ainsi que nos fournisseurs tiers ou contractants, \u00e0 \u00e9changer des informations avec nous dans le but de vous fournir des services\u00a0;<\/li>\n\n\n\n<li>Lorsque les donn\u00e9es personnelles sont publiques\u00a0; ou<\/li>\n<\/ul>\n\n\n\n<p>Vous \u00eates le client\/b\u00e9n\u00e9ficiaire d\u2019une activit\u00e9 commerciale que nous exer\u00e7ons.<\/p>\n\n\n\n<p>Nous recueillons \u00e9galement des informations aupr\u00e8s de certaines organisations, le cas \u00e9ch\u00e9ant et dans la mesure o\u00f9 nous avons des motifs l\u00e9gaux pour le faire. Il s\u2019agit notamment d\u2019agences de pr\u00e9vention des fraudes, d\u2019annuaires commerciaux, d\u2019agences de v\u00e9rification\/contr\u00f4le, d\u2019agences de facturation et prestataires de services contractuels.<\/p>\n\n\n\n<p>Nous utilisons des cookies (petits fichiers texte stock\u00e9s dans votre navigateur) et d\u2019autres techniques telles que les balises Web (petits fichiers image transparents utilis\u00e9s pour suivre vos mouvements sur notre site). Pour plus de d\u00e9tails \u00e0 ce sujet et pour savoir comment refuser ces cookies, veuillez consulter la section Cookies de notre site Web.<\/p>\n\n\n\n<h2 class=\"wp-block-heading\" id=\"h-4-categories-of-recipients-to-whom-personal-data-collected-may-be-disclosed\"><strong>4. CAT\u00c9GORIES DE DESTINATAIRES AUXQUELS LES DONN\u00c9ES PERSONNELLES COLLECT\u00c9ES PEUVENT \u00caTRE DIVULG\u00c9ES<\/strong><\/h2>\n\n\n\n<p>Afin d\u2019atteindre les finalit\u00e9s expos\u00e9es ci-dessus, nous utilisons les cat\u00e9gories suivantes de fournisseurs de produits et services \/autoris\u00e9s\u00a0:<\/p>\n\n\n\n<ul class=\"wp-block-list\">\n<li>les fournisseurs (propri\u00e9taires immobiliers) impliqu\u00e9s directement\/indirectement dans la fourniture de services immobiliers\u00a0;<\/li>\n\n\n\n<li>les autorit\u00e9s d\u2019\u00c9tat (y compris les autorit\u00e9s fiscales)\u00a0;<\/li>\n\n\n\n<li>comptables, auditeurs, juristes, avocats ou autres conseillers externes de la Soci\u00e9t\u00e9 ou de tiers qui fournissent des produits et services \u00e0 la Soci\u00e9t\u00e9 (prestataires de services de s\u00e9curit\u00e9, de syst\u00e8mes informatiques, consultants financiers)\u00a0;<\/li>\n\n\n\n<li>les fournisseurs de la Soci\u00e9t\u00e9 impliqu\u00e9s directement\/indirectement dans le processus de marketing et de promotion.<\/li>\n<\/ul>\n\n\n\n<h2 class=\"wp-block-heading\" id=\"h-5-storage-period\"><strong>5. DUR\u00c9E DE STOCKAGE<\/strong><\/h2>\n\n\n\n<p>Vos donn\u00e9es personnelles seront stock\u00e9es par la Soci\u00e9t\u00e9 pendant une p\u00e9riode n\u2019exc\u00e9dant pas celle n\u00e9cessaire \u00e0 la r\u00e9alisation des objectifs d\u00e9crits ci-dessus et\/ou pendant toute autre p\u00e9riode n\u00e9cessaire en vertu des obligations l\u00e9gales applicables \u00e0 la Soci\u00e9t\u00e9, en utilisant les crit\u00e8res suivants pour d\u00e9terminer cette p\u00e9riode :<\/p>\n\n\n\n<ul class=\"wp-block-list\">\n<li>Lorsque vous achetez des droits de propri\u00e9t\u00e9 par l\u2019interm\u00e9diaire de la Soci\u00e9t\u00e9, nous conservons vos donn\u00e9es personnelles pendant la dur\u00e9e de notre relation contractuelle\u00a0;<\/li>\n\n\n\n<li>Si vous participez \u00e0 une offre promotionnelle, nous conservons vos donn\u00e9es personnelles pendant toute la dur\u00e9e de l\u2019offre promotionnelle ;<\/li>\n\n\n\n<li>Si vous nous contactez pour la fourniture d\u2019un service, nous conservons vos donn\u00e9es personnelles aussi longtemps que n\u00e9cessaire pour traiter vos questions, mais pas plus de 10 (dix) ans \u00e0 compter de la derni\u00e8re correspondance envoy\u00e9e, pour le respect des dispositions fiscales ;<\/li>\n\n\n\n<li>Si vous vous \u00eates inscrit sur notre site Web, nous conservons vos donn\u00e9es personnelles jusqu\u2019\u00e0 ce que vous nous demandiez de les supprimer ou apr\u00e8s une p\u00e9riode d\u2019inactivit\u00e9 (sans interaction active avec nous). \u00c0 cet effet, nous mentionnons que les donn\u00e9es trait\u00e9es dans ce but seront supprim\u00e9es 5 (cinq) ans apr\u00e8s la derni\u00e8re interaction ;<\/li>\n\n\n\n<li>Si vous avez donn\u00e9 votre consentement \u00e0 des fins de marketing, nous conservons vos donn\u00e9es personnelles jusqu\u2019\u00e0 ce que vous vous d\u00e9sinscriviez ou demandiez leur suppression, ou apr\u00e8s une p\u00e9riode d\u2019inactivit\u00e9 (sans une interaction active avec nos marques) d\u00e9finie conform\u00e9ment aux r\u00e8glements et aux lignes directrices.  \u00c0 cet \u00e9gard, nous mentionnons que les donn\u00e9es stock\u00e9es dans nos bases de donn\u00e9es \u00e0 des fins de communications de marketing direct sont supprim\u00e9es des enregistrements de ces bases de donn\u00e9es 10 (dix) ans apr\u00e8s la derni\u00e8re interaction avec vous\u00a0;<\/li>\n\n\n\n<li>Si des cookies sont stock\u00e9s sur votre ordinateur, nous les conservons aussi longtemps que n\u00e9cessaire pour qu\u2019ils atteignent leurs objectifs (par exemple, pendant la dur\u00e9e d\u2019une session pour les cookies de panier d\u2019achat ou les cookies pour les identifiants de session) et pendant une p\u00e9riode d\u00e9finie conform\u00e9ment aux r\u00e8glements et aux lignes directrices. \u00c0 cet \u00e9gard, nous mentionnons que les donn\u00e9es trait\u00e9es par le biais de cookies utilis\u00e9s pour fournir de la publicit\u00e9 comportementale en ligne, pour personnaliser nos services pour vous et pour permettre la distribution de notre contenu sur les sites de m\u00e9dias sociaux (boutons de distribution destin\u00e9s \u00e0 afficher le site), seront conserv\u00e9es pendant une p\u00e9riode maximale de 10 (dix) ans \u00e0 compter de leur collecte, sur la base de votre consentement.<\/li>\n<\/ul>\n\n\n\n<h2 class=\"wp-block-heading\" id=\"h-6-your-rights\"><strong>6. VOS DROITS<\/strong><\/h2>\n\n\n\n<p>Le r\u00e8glement conf\u00e8re une s\u00e9rie de droits aux personnes dont les donn\u00e9es personnelles sont trait\u00e9es. Ainsi, outre les droits actuellement existants, on retrouve \u00e9galement le droit \u00e0 la portabilit\u00e9 des donn\u00e9es et le droit \u00e0 la suppression des donn\u00e9es. En bref, voici vos droits :<\/p>\n\n\n\n<ul class=\"wp-block-list\">\n<li>Le droit de retirer \u00e0 tout moment un consentement donn\u00e9 afin de mettre fin au traitement des donn\u00e9es sur la base de votre consentement. Le retrait n\u2019affectera pas la l\u00e9galit\u00e9 du traitement fond\u00e9 sur le consentement donn\u00e9 avant le retrait, pour l\u2019ex\u00e9cution d\u2019un contrat, afin de remplir une obligation l\u00e9gale ou dans le but de poursuivre nos int\u00e9r\u00eats l\u00e9gitimes.<\/li>\n\n\n\n<li>Le droit d\u2019acc\u00e8s \u2013 signifie que vous avez le droit d\u2019obtenir de notre part la confirmation si nous traitons ou non les donn\u00e9es personnelles vous concernant et, le cas \u00e9ch\u00e9ant, vous avez acc\u00e8s \u00e0 ces donn\u00e9es et \u00e0 des informations sur la mani\u00e8re dont ces donn\u00e9es sont trait\u00e9es.<\/li>\n\n\n\n<li>Le droit \u00e0 la portabilit\u00e9 des donn\u00e9es \u2013 concerne le droit de recevoir des donn\u00e9es personnelles dans un format structur\u00e9, actuellement utilis\u00e9 par nous et qui peut \u00eatre lu automatiquement, mais aussi au droit de transmettre ces donn\u00e9es directement \u00e0 un autre op\u00e9rateur, lorsque c\u2019est techniquement possible.<\/li>\n\n\n\n<li>Le droit d\u2019opposition \u2013 concerne votre droit de vous opposer au traitement des donn\u00e9es personnelles lorsque le traitement est n\u00e9cessaire pour l\u2019ex\u00e9cution d\u2019une t\u00e2che qui sert l\u2019int\u00e9r\u00eat public ou qui concerne un int\u00e9r\u00eat l\u00e9gitime de l\u2019op\u00e9rateur. Lorsque le traitement des donn\u00e9es personnelles est effectu\u00e9 \u00e0 des fins de marketing direct ou de traitement bas\u00e9 sur un consentement expr\u00e8s, vous avez le droit de vous opposer \u00e0 tout moment au traitement.<\/li>\n\n\n\n<li>Le droit de rectification \u2013 concerne la correction, sans retard injustifi\u00e9, de donn\u00e9es personnelles inexactes. La rectification sera communiqu\u00e9e \u00e0 chaque destinataire auquel les donn\u00e9es ont \u00e9t\u00e9 transmises, \u00e0 moins que cela ne s\u2019av\u00e8re impossible ou n\u2019implique des efforts disproportionn\u00e9s.<\/li>\n\n\n\n<li>Le droit \u00e0 l\u2019effacement des donn\u00e9es (\"le droit \u00e0 l\u2019oubli\") - signifie que vous avez le droit de demander l\u2019effacement de vos donn\u00e9es personnelles, sans retard injustifi\u00e9, si l\u2019un des motifs suivants s\u2019applique : elles ne sont plus n\u00e9cessaires pour atteindre les finalit\u00e9s pour lesquelles celles-ci ont \u00e9t\u00e9 collect\u00e9es ou trait\u00e9es\u00a0; vous retirez votre consentement et il n\u2019existe aucune autre base juridique justifiant le traitement\u00a0; vous vous opposez au traitement et il n\u2019existe aucun autre motif l\u00e9gitime imp\u00e9rieux\u00a0; les donn\u00e9es personnelles ont fait l\u2019objet d\u2019un traitement illicite; les donn\u00e9es personnelles doivent \u00eatre effac\u00e9es pour respecter une obligation l\u00e9gale ; les donn\u00e9es personnelles ont \u00e9t\u00e9 collect\u00e9es dans le cadre de la fourniture de services de la soci\u00e9t\u00e9 de l\u2019information.<\/li>\n\n\n\n<li>Le droit \u00e0 la limitation du traitement - peut \u00eatre exerc\u00e9 si la personne conteste l\u2019exactitude des donn\u00e9es, pendant la p\u00e9riode n\u00e9cessaire pour v\u00e9rifier l\u2019exactitude des donn\u00e9es\u00a0; le traitement est illicite et vous vous opposez \u00e0 l\u2019effacement des donn\u00e9es personnelles, en demandant la limitation \u00e0 la place ; si la Soci\u00e9t\u00e9 n\u2019a plus besoin des donn\u00e9es personnelles aux fins du traitement, mais la personne les demande pour constater, exercer ou d\u00e9fendre un droit en justice\u00a0; si la personne s\u2019est oppos\u00e9e au traitement pendant la p\u00e9riode au cours de laquelle on v\u00e9rifie si les droits l\u00e9gitimes de l\u2019op\u00e9rateur pr\u00e9valent sur ceux de la personne concern\u00e9e.<\/li>\n\n\n\n<li>Pour exercer ces droits, ainsi que pour toute autre question concernant ces informations ou l\u2019utilisation des donn\u00e9es personnelles par la Soci\u00e9t\u00e9, veuillez contacter notre responsable de la protection des donn\u00e9es en choisissant l\u2019un des moyens de communication d\u00e9crits ci-dessous.<\/li>\n<\/ul>\n\n\n\n<p>Vous pouvez nous contacter \u00e0 : \u2026 info@empiricabs.com<a href=\"mailto:info@empiricabs.com\">info@empiricabs.com<\/a><\/p>\n\n\n\n<p>En utilisant nos services, vous acceptez les dispositions de la pr\u00e9sente Politique de Confidentialit\u00e9. Si vous avez des questions ou des pr\u00e9occupations concernant le traitement de vos informations personnelles, veuillez nous contacter \u00e0 l\u2019adresse suivante\u00a0:\u2026@empiricabs.com.<\/p>\n\n\n\n<p>Merci de faire confiance \u00e0 EMPIRICA Business Consulting dans la gestion de vos informations personnelles.<\/p>","protected":false},"excerpt":{"rendered":"<p>Privacy Policy The security and privacy of your information is of paramount importance to us at EMPIRICA Business Solutions, a global consulting company specializing in providing advisory services in the areas of business sale-purchase, mergers and acquisitions, exit strategies for family businesses and global consulting. Through this Privacy Policy, we are committed to protecting your [&hellip;]<\/p>\n","protected":false},"author":1,"featured_media":0,"parent":0,"menu_order":0,"comment_status":"closed","ping_status":"closed","template":"","meta":{"inline_featured_image":false,"footnotes":""},"class_list":["post-3","page","type-page","status-publish","hentry"],"acf":[],"yoast_head":"<!-- This site is optimized with the Yoast SEO Premium plugin v20.6 (Yoast SEO v20.11) - https:\/\/yoast.com\/wordpress\/plugins\/seo\/ -->\n<title>Privacy Policy - Empirica bs<\/title>\n<meta name=\"robots\" content=\"index, follow, max-snippet:-1, max-image-preview:large, max-video-preview:-1\" \/>\n<link rel=\"canonical\" href=\"https:\/\/empiricabs.com\/fr\/privacy-policy\/\" \/>\n<meta property=\"og:locale\" content=\"fr_FR\" \/>\n<meta property=\"og:type\" content=\"article\" \/>\n<meta property=\"og:title\" content=\"Privacy Policy\" \/>\n<meta property=\"og:description\" content=\"Privacy Policy The security and privacy of your information is of paramount importance to us at EMPIRICA Business Solutions, a global consulting company specializing in providing advisory services in the areas of business sale-purchase, mergers and acquisitions, exit strategies for family businesses and global consulting. Through this Privacy Policy, we are committed to protecting your [&hellip;]\" \/>\n<meta property=\"og:url\" content=\"https:\/\/empiricabs.com\/fr\/privacy-policy\/\" \/>\n<meta property=\"og:site_name\" content=\"Empirica bs\" \/>\n<meta property=\"article:modified_time\" content=\"2024-01-17T12:36:56+00:00\" \/>\n<meta name=\"twitter:card\" content=\"summary_large_image\" \/>\n<meta name=\"twitter:label1\" content=\"Dur\u00e9e de lecture estim\u00e9e\" \/>\n\t<meta name=\"twitter:data1\" content=\"10 minutes\" \/>\n<script type=\"application\/ld+json\" class=\"yoast-schema-graph\">{\"@context\":\"https:\/\/schema.org\",\"@graph\":[{\"@type\":\"WebPage\",\"@id\":\"https:\/\/empiricabs.com\/privacy-policy\/\",\"url\":\"https:\/\/empiricabs.com\/privacy-policy\/\",\"name\":\"Privacy Policy - Empirica bs\",\"isPartOf\":{\"@id\":\"https:\/\/empiricabs.com\/#website\"},\"datePublished\":\"2023-11-25T12:44:41+00:00\",\"dateModified\":\"2024-01-17T12:36:56+00:00\",\"breadcrumb\":{\"@id\":\"https:\/\/empiricabs.com\/privacy-policy\/#breadcrumb\"},\"inLanguage\":\"fr-FR\",\"potentialAction\":[{\"@type\":\"ReadAction\",\"target\":[\"https:\/\/empiricabs.com\/privacy-policy\/\"]}]},{\"@type\":\"BreadcrumbList\",\"@id\":\"https:\/\/empiricabs.com\/privacy-policy\/#breadcrumb\",\"itemListElement\":[{\"@type\":\"ListItem\",\"position\":1,\"name\":\"Home\",\"item\":\"https:\/\/empiricabs.com\/\"},{\"@type\":\"ListItem\",\"position\":2,\"name\":\"Privacy Policy\"}]},{\"@type\":\"WebSite\",\"@id\":\"https:\/\/empiricabs.com\/#website\",\"url\":\"https:\/\/empiricabs.com\/\",\"name\":\"Empirica bs\",\"description\":\"\",\"publisher\":{\"@id\":\"https:\/\/empiricabs.com\/#organization\"},\"potentialAction\":[{\"@type\":\"SearchAction\",\"target\":{\"@type\":\"EntryPoint\",\"urlTemplate\":\"https:\/\/empiricabs.com\/?s={search_term_string}\"},\"query-input\":\"required name=search_term_string\"}],\"inLanguage\":\"fr-FR\"},{\"@type\":[\"Organization\",\"Place\"],\"@id\":\"https:\/\/empiricabs.com\/#organization\",\"name\":\"Empiricabs\",\"url\":\"https:\/\/empiricabs.com\/\",\"logo\":{\"@id\":\"https:\/\/empiricabs.com\/privacy-policy\/#local-main-organization-logo\"},\"image\":{\"@id\":\"https:\/\/empiricabs.com\/privacy-policy\/#local-main-organization-logo\"},\"openingHoursSpecification\":[{\"@type\":\"OpeningHoursSpecification\",\"dayOfWeek\":[\"Monday\",\"Tuesday\",\"Wednesday\",\"Thursday\",\"Friday\",\"Saturday\",\"Sunday\"],\"opens\":\"09:00\",\"closes\":\"17:00\"}]},{\"@type\":\"ImageObject\",\"inLanguage\":\"fr-FR\",\"@id\":\"https:\/\/empiricabs.com\/privacy-policy\/#local-main-organization-logo\",\"url\":\"https:\/\/empiricabs.com\/wp-content\/uploads\/2023\/11\/logo1-1.png\",\"contentUrl\":\"https:\/\/empiricabs.com\/wp-content\/uploads\/2023\/11\/logo1-1.png\",\"width\":70,\"height\":70,\"caption\":\"Empiricabs\"}]}<\/script>\n<!-- \/ Yoast SEO Premium plugin. -->","yoast_head_json":{"title":"Privacy Policy - Empirica bs","robots":{"index":"index","follow":"follow","max-snippet":"max-snippet:-1","max-image-preview":"max-image-preview:large","max-video-preview":"max-video-preview:-1"},"canonical":"https:\/\/empiricabs.com\/fr\/privacy-policy\/","og_locale":"fr_FR","og_type":"article","og_title":"Privacy Policy","og_description":"Privacy Policy The security and privacy of your information is of paramount importance to us at EMPIRICA Business Solutions, a global consulting company specializing in providing advisory services in the areas of business sale-purchase, mergers and acquisitions, exit strategies for family businesses and global consulting. Through this Privacy Policy, we are committed to protecting your [&hellip;]","og_url":"https:\/\/empiricabs.com\/fr\/privacy-policy\/","og_site_name":"Empirica bs","article_modified_time":"2024-01-17T12:36:56+00:00","twitter_card":"summary_large_image","twitter_misc":{"Dur\u00e9e de lecture estim\u00e9e":"10 minutes"},"schema":{"@context":"https:\/\/schema.org","@graph":[{"@type":"WebPage","@id":"https:\/\/empiricabs.com\/privacy-policy\/","url":"https:\/\/empiricabs.com\/privacy-policy\/","name":"Privacy Policy - Empirica bs","isPartOf":{"@id":"https:\/\/empiricabs.com\/#website"},"datePublished":"2023-11-25T12:44:41+00:00","dateModified":"2024-01-17T12:36:56+00:00","breadcrumb":{"@id":"https:\/\/empiricabs.com\/privacy-policy\/#breadcrumb"},"inLanguage":"fr-FR","potentialAction":[{"@type":"ReadAction","target":["https:\/\/empiricabs.com\/privacy-policy\/"]}]},{"@type":"BreadcrumbList","@id":"https:\/\/empiricabs.com\/privacy-policy\/#breadcrumb","itemListElement":[{"@type":"ListItem","position":1,"name":"Home","item":"https:\/\/empiricabs.com\/"},{"@type":"ListItem","position":2,"name":"Privacy Policy"}]},{"@type":"WebSite","@id":"https:\/\/empiricabs.com\/#website","url":"https:\/\/empiricabs.com\/","name":"Empirica bs","description":"","publisher":{"@id":"https:\/\/empiricabs.com\/#organization"},"potentialAction":[{"@type":"SearchAction","target":{"@type":"EntryPoint","urlTemplate":"https:\/\/empiricabs.com\/?s={search_term_string}"},"query-input":"required name=search_term_string"}],"inLanguage":"fr-FR"},{"@type":["Organization","Place"],"@id":"https:\/\/empiricabs.com\/#organization","name":"Empiricabs","url":"https:\/\/empiricabs.com\/","logo":{"@id":"https:\/\/empiricabs.com\/privacy-policy\/#local-main-organization-logo"},"image":{"@id":"https:\/\/empiricabs.com\/privacy-policy\/#local-main-organization-logo"},"openingHoursSpecification":[{"@type":"OpeningHoursSpecification","dayOfWeek":["Monday","Tuesday","Wednesday","Thursday","Friday","Saturday","Sunday"],"opens":"09:00","closes":"17:00"}]},{"@type":"ImageObject","inLanguage":"fr-FR","@id":"https:\/\/empiricabs.com\/privacy-policy\/#local-main-organization-logo","url":"https:\/\/empiricabs.com\/wp-content\/uploads\/2023\/11\/logo1-1.png","contentUrl":"https:\/\/empiricabs.com\/wp-content\/uploads\/2023\/11\/logo1-1.png","width":70,"height":70,"caption":"Empiricabs"}]}},"_links":{"self":[{"href":"https:\/\/empiricabs.com\/fr\/wp-json\/wp\/v2\/pages\/3","targetHints":{"allow":["GET"]}}],"collection":[{"href":"https:\/\/empiricabs.com\/fr\/wp-json\/wp\/v2\/pages"}],"about":[{"href":"https:\/\/empiricabs.com\/fr\/wp-json\/wp\/v2\/types\/page"}],"author":[{"embeddable":true,"href":"https:\/\/empiricabs.com\/fr\/wp-json\/wp\/v2\/users\/1"}],"replies":[{"embeddable":true,"href":"https:\/\/empiricabs.com\/fr\/wp-json\/wp\/v2\/comments?post=3"}],"version-history":[{"count":0,"href":"https:\/\/empiricabs.com\/fr\/wp-json\/wp\/v2\/pages\/3\/revisions"}],"wp:attachment":[{"href":"https:\/\/empiricabs.com\/fr\/wp-json\/wp\/v2\/media?parent=3"}],"curies":[{"name":"wp","href":"https:\/\/api.w.org\/{rel}","templated":true}]}}